{"id":533,"date":"2019-05-15T10:28:59","date_gmt":"2019-05-15T10:28:59","guid":{"rendered":"http:\/\/mshop.php-dev.in\/daliparis\/?page_id=533"},"modified":"2019-11-26T14:23:30","modified_gmt":"2019-11-26T14:23:30","slug":"past-exhibitions","status":"publish","type":"page","link":"https:\/\/www.daliparis.com\/en\/collection-en\/past-exhibitions\/","title":{"rendered":"Past Exhibitions"},"content":{"rendered":"<div class=\"wpb-content-wrapper\">[vc_row][vc_column][vc_empty_space height=&#8221;100px&#8221;][vc_custom_heading text=&#8221;Photographs, jewels, street art, private collections, letters&#8230; Find out more about our previous temporary exhibitions. The last one, \u00ab Joann Sfar \u2013 Salvador Dal\u00ed, one second before awakening \u00bb was a phantasmagorical reading of Dal\u00ed&#8217;s work.&#8221; font_container=&#8221;tag:p|font_size:14px|text_align:left|color:%235a5a5a|line_height:1.5&#8243; google_fonts=&#8221;font_family:Open%20Sans%3A300%2C300italic%2Cregular%2Citalic%2C600%2C600italic%2C700%2C700italic%2C800%2C800italic|font_style:400%20regular%3A400%3Anormal&#8221; css=&#8221;.vc_custom_1557916397621{margin-bottom: 50px !important;}&#8221;][\/vc_column][\/vc_row][vc_row][vc_column width=&#8221;1\/3&#8243;][vc_single_image image=&#8221;541&#8243; img_size=&#8221;full&#8221; style=&#8221;vc_box_rounded&#8221; onclick=&#8221;custom_link&#8221; link=&#8221;https:\/\/www.daliparis.com\/en\/collection-en\/past-exhibitions\/joann-sfar-exhibition\/&#8221;][\/vc_column][vc_column width=&#8221;2\/3&#8243;][vc_custom_heading text=&#8221;JOANN SFAR &#8211; SALVADOR DAL\u00cd, ONE SECOND BEFORE AWAKENING&#8221; google_fonts=&#8221;font_family:Open%20Sans%3A300%2C300italic%2Cregular%2Citalic%2C600%2C600italic%2C700%2C700italic%2C800%2C800italic|font_style:400%20regular%3A400%3Anormal&#8221; link=&#8221;url:https%3A%2F%2Fwww.daliparis.com%2Fen%2Fcollection-en%2Fpast-exhibitions%2Fjoann-sfar-exhibition%2F|title:Joann%20Sfar%20exhibition||&#8221;][vc_column_text]In 1939, Dal\u00ed published the &#8220;Declaration of Independence of the Imagination and the Rights of Man to His Own Madness&#8221; in response to censorship. Consequently, he used his freedom of expression, combining ideas with spontaneous images, to instill his artworks with a unique imaginative power.[\/vc_column_text][vc_btn title=&#8221;SEE MORE&#8221; style=&#8221;gradient-custom&#8221; gradient_custom_color_1=&#8221;#d83100&#8243; gradient_custom_color_2=&#8221;#882305&#8243; css=&#8221;.vc_custom_1566220832478{padding-top: 30px !important;}&#8221; el_class=&#8221;gallery-btn&#8221; link=&#8221;url:https%3A%2F%2Fwww.daliparis.com%2Fen%2Fcollection-en%2Fpast-exhibitions%2Fjoann-sfar-exhibition%2F|title:Joann%20Sfar%20exhibition||&#8221;][\/vc_column][\/vc_row][vc_row][vc_column css=&#8221;.vc_custom_1557820206799{padding-top: 50px !important;padding-bottom: 50px !important;}&#8221;][vc_separator][\/vc_column][\/vc_row][vc_row][vc_column width=&#8221;1\/3&#8243;][vc_single_image image=&#8221;542&#8243; img_size=&#8221;full&#8221; style=&#8221;vc_box_rounded&#8221; onclick=&#8221;custom_link&#8221; link=&#8221;https:\/\/www.daliparis.com\/en\/collection-en\/past-exhibitions\/daum-exihibition\/&#8221;][\/vc_column][vc_column width=&#8221;2\/3&#8243;][vc_custom_heading text=&#8221;DAUM, ARTISTIC VARIATIONS&#8221; google_fonts=&#8221;font_family:Open%20Sans%3A300%2C300italic%2Cregular%2Citalic%2C600%2C600italic%2C700%2C700italic%2C800%2C800italic|font_style:400%20regular%3A400%3Anormal&#8221; link=&#8221;url:https%3A%2F%2Fwww.daliparis.com%2Fen%2Fcollection-en%2Fpast-exhibitions%2Fdaum-exihibition%2F|title:Past%20Exhibitions||&#8221;][vc_column_text]Who could bring together in the same exhibition the following artists: Arman, Ben, C\u00e9sar, Paella Chimicos, Louis Derbr\u00e9, Etienne, Carlos Mata, Hilton McConnico, J\u00e9r\u00f4me Mesnager, Alain S\u00e9chas, Richard Texier\u2026 and Salvador Dal\u00ed?[\/vc_column_text][vc_btn title=&#8221;SEE MORE&#8221; style=&#8221;gradient-custom&#8221; gradient_custom_color_1=&#8221;#d83100&#8243; gradient_custom_color_2=&#8221;#882305&#8243; css=&#8221;.vc_custom_1566205098583{padding-top: 30px !important;}&#8221; el_class=&#8221;gallery-btn&#8221; link=&#8221;url:https%3A%2F%2Fwww.daliparis.com%2Fen%2Fcollection-en%2Fpast-exhibitions%2Fdaum-exihibition%2F|||&#8221;][\/vc_column][\/vc_row][vc_row][vc_column css=&#8221;.vc_custom_1557820206799{padding-top: 50px !important;padding-bottom: 50px !important;}&#8221;][vc_separator][\/vc_column][\/vc_row][vc_row][vc_column width=&#8221;1\/3&#8243;][vc_single_image image=&#8221;530&#8243; img_size=&#8221;full&#8221; style=&#8221;vc_box_rounded&#8221; onclick=&#8221;custom_link&#8221; link=&#8221;https:\/\/www.daliparis.com\/en\/collection-en\/past-exhibitions\/street-art-exhibition\/&#8221;][\/vc_column][vc_column width=&#8221;2\/3&#8243;][vc_custom_heading text=&#8221;STREET ART EXHIBITION&#8221; google_fonts=&#8221;font_family:Open%20Sans%3A300%2C300italic%2Cregular%2Citalic%2C600%2C600italic%2C700%2C700italic%2C800%2C800italic|font_style:400%20regular%3A400%3Anormal&#8221; link=&#8221;url:https%3A%2F%2Fwww.daliparis.com%2Fen%2Fcollection-en%2Fpast-exhibitions%2Fstreet-art-exhibition%2F|title:Street%20art%20exhibition||&#8221;][vc_column_text]Polymorphic, explosive, rebel, bewildering, funny, unusual, non-conformist, popular: description of the Dalinian method or that of the Street Art? [\/vc_column_text][vc_btn title=&#8221;SEE MORE&#8221; style=&#8221;gradient-custom&#8221; gradient_custom_color_1=&#8221;#d83100&#8243; gradient_custom_color_2=&#8221;#882305&#8243; css=&#8221;.vc_custom_1566205128624{padding-top: 30px !important;}&#8221; el_class=&#8221;gallery-btn&#8221; link=&#8221;url:https%3A%2F%2Fwww.daliparis.com%2Fen%2Fcollection-en%2Fpast-exhibitions%2Fstreet-art-exhibition%2F|||&#8221;][\/vc_column][\/vc_row][vc_row][vc_column css=&#8221;.vc_custom_1557820206799{padding-top: 50px !important;padding-bottom: 50px !important;}&#8221;][vc_separator][\/vc_column][\/vc_row][vc_row][vc_column width=&#8221;1\/3&#8243;][vc_single_image image=&#8221;548&#8243; img_size=&#8221;full&#8221; style=&#8221;vc_box_rounded&#8221; onclick=&#8221;custom_link&#8221; link=&#8221;https:\/\/www.daliparis.com\/en\/collection-en\/past-exhibitions\/signe-dali-exhibition\/&#8221;][\/vc_column][vc_column width=&#8221;2\/3&#8243;][vc_custom_heading text=&#8221;SIGN\u00c9 DAL\u00cd, THE SABATER COLLECTION&#8221; google_fonts=&#8221;font_family:Open%20Sans%3A300%2C300italic%2Cregular%2Citalic%2C600%2C600italic%2C700%2C700italic%2C800%2C800italic|font_style:400%20regular%3A400%3Anormal&#8221; link=&#8221;url:https%3A%2F%2Fwww.daliparis.com%2Fen%2Fcollection-en%2Fpast-exhibitions%2Fsigne-dali-exhibition%2F|title:Past%20Exhibitions||&#8221;][vc_column_text]From February 10th to May 10th, 2012, the public admired a hundred dedications composed of oils, watercolors, sketches, drawings, models of furniture, photographs that are evidence of the friendship between the Catalan genius and the man who was his secretary for more than twelve years.[\/vc_column_text][vc_btn title=&#8221;SEE MORE&#8221; style=&#8221;gradient-custom&#8221; gradient_custom_color_1=&#8221;#d83100&#8243; gradient_custom_color_2=&#8221;#882305&#8243; css=&#8221;.vc_custom_1566220895196{padding-top: 30px !important;}&#8221; el_class=&#8221;gallery-btn&#8221; link=&#8221;url:https%3A%2F%2Fwww.daliparis.com%2Fen%2Fcollection-en%2Fpast-exhibitions%2Fsigne-dali-exhibition%2F|||&#8221;][\/vc_column][\/vc_row][vc_row][vc_column css=&#8221;.vc_custom_1557820206799{padding-top: 50px !important;padding-bottom: 50px !important;}&#8221;][vc_separator][\/vc_column][\/vc_row][vc_row][vc_column width=&#8221;1\/3&#8243;][vc_single_image image=&#8221;549&#8243; img_size=&#8221;full&#8221; style=&#8221;vc_box_rounded&#8221; onclick=&#8221;custom_link&#8221; link=&#8221;https:\/\/www.daliparis.com\/en\/collection-en\/past-exhibitions\/golden-dali-and-galas-jewels\/&#8221;][\/vc_column][vc_column width=&#8221;2\/3&#8243;][vc_custom_heading text=&#8221;GOLDEN DAL\u00cd AND GALA&#8217;S JEWELS&#8221; google_fonts=&#8221;font_family:Open%20Sans%3A300%2C300italic%2Cregular%2Citalic%2C600%2C600italic%2C700%2C700italic%2C800%2C800italic|font_style:400%20regular%3A400%3Anormal&#8221; link=&#8221;url:https%3A%2F%2Fwww.daliparis.com%2Fen%2Fcollection-en%2Fpast-exhibitions%2Fgolden-dali-and-galas-jewels%2F|title:Past%20Exhibitions||&#8221;][vc_column_text]The Dal\u00ed Paris turns into a jewel box and houses the collection of jewels and gold items designed by Salvador Dal\u00ed in 1960&#8217;s. Sumptuous pieces illuminate the largest exhibition of works by the Catalan master in France. These jewelry and coins praise the career of the world-renowned artist.[\/vc_column_text][vc_btn title=&#8221;SEE MORE&#8221; style=&#8221;gradient-custom&#8221; gradient_custom_color_1=&#8221;#d83100&#8243; gradient_custom_color_2=&#8221;#882305&#8243; css=&#8221;.vc_custom_1566205235673{padding-top: 30px !important;}&#8221; el_class=&#8221;gallery-btn&#8221; link=&#8221;url:https%3A%2F%2Fwww.daliparis.com%2Fen%2Fcollection-en%2Fpast-exhibitions%2Fgolden-dali-and-galas-jewels%2F|title:Past%20Exhibitions||&#8221;][\/vc_column][\/vc_row][vc_row][vc_column css=&#8221;.vc_custom_1557820206799{padding-top: 50px !important;padding-bottom: 50px !important;}&#8221;][vc_separator][\/vc_column][\/vc_row][vc_row][vc_column width=&#8221;1\/3&#8243;][vc_single_image image=&#8221;550&#8243; img_size=&#8221;full&#8221; style=&#8221;vc_box_rounded&#8221; onclick=&#8221;custom_link&#8221; link=&#8221;https:\/\/www.daliparis.com\/en\/collection-en\/past-exhibitions\/dali-a-loeuvre-exhibition\/&#8221;][\/vc_column][vc_column width=&#8221;2\/3&#8243;][vc_custom_heading text=&#8221;DAL\u00cd \u00c0 L&#8217;\u0152UVRE&#8221; google_fonts=&#8221;font_family:Open%20Sans%3A300%2C300italic%2Cregular%2Citalic%2C600%2C600italic%2C700%2C700italic%2C800%2C800italic|font_style:400%20regular%3A400%3Anormal&#8221; link=&#8221;url:https%3A%2F%2Fwww.daliparis.com%2Fen%2Fcollection-en%2Fpast-exhibitions%2Fdali-a-loeuvre-exhibition%2F|title:Dal%C3%AD%20%C3%A0%20l%E2%80%99%C5%93uvre%20exhibition||&#8221;][vc_column_text]Dal\u00ed Paris shows the heart of the creation in the artist stating, from April 10 to June 24, Dal\u00ed at work. Over 100 photographs taken in 1950 by a friend and specialist Master Robert Descharnes, reveal the artist in full creativity.[\/vc_column_text][vc_btn title=&#8221;SEE MORE&#8221; style=&#8221;gradient-custom&#8221; gradient_custom_color_1=&#8221;#d83100&#8243; gradient_custom_color_2=&#8221;#882305&#8243; css=&#8221;.vc_custom_1566220922908{padding-top: 30px !important;}&#8221; el_class=&#8221;gallery-btn&#8221; link=&#8221;url:https%3A%2F%2Fwww.daliparis.com%2Fen%2Fcollection-en%2Fpast-exhibitions%2Fdali-a-loeuvre-exhibition%2F|title:Dal%C3%AD%20%C3%A0%20l%E2%80%99%C5%93uvre%20exhibition||&#8221;][\/vc_column][\/vc_row][vc_row][vc_column][vc_empty_space height=&#8221;100px&#8221;][\/vc_column][\/vc_row]\n<\/div>","protected":false},"excerpt":{"rendered":"<p>[vc_row][vc_column][vc_empty_space height=&#8221;100px&#8221;][vc_custom_heading text=&#8221;Photographs, jewels, street art, private collections, letters&#8230; Find out more about our previous temporary exhibitions. The last one, \u00ab Joann Sfar \u2013 Salvador Dal\u00ed, one second before awakening [&hellip;]<\/p>\n","protected":false},"author":1,"featured_media":0,"parent":517,"menu_order":0,"comment_status":"closed","ping_status":"closed","template":"","meta":{"_acf_changed":false,"footnotes":""},"class_list":["post-533","page","type-page","status-publish","hentry"],"acf":[],"yoast_head":"<!-- This site is optimized with the Yoast SEO plugin v27.5 - https:\/\/yoast.com\/product\/yoast-seo-wordpress\/ -->\n<title>Past Exhibitions &#8226; Dali Paris<\/title>\n<meta name=\"robots\" content=\"index, follow, max-snippet:-1, max-image-preview:large, max-video-preview:-1\" \/>\n<link rel=\"canonical\" href=\"https:\/\/www.daliparis.com\/en\/collection-en\/past-exhibitions\/\" \/>\n<meta property=\"og:locale\" content=\"en_US\" \/>\n<meta property=\"og:type\" content=\"article\" \/>\n<meta property=\"og:title\" content=\"Past Exhibitions &#8226; Dali Paris\" \/>\n<meta property=\"og:description\" content=\"[vc_row][vc_column][vc_empty_space height=&#8221;100px&#8221;][vc_custom_heading text=&#8221;Photographs, jewels, street art, private collections, letters&#8230; Find out more about our previous temporary exhibitions. The last one, \u00ab Joann Sfar \u2013 Salvador Dal\u00ed, one second before awakening [&hellip;]\" \/>\n<meta property=\"og:url\" content=\"https:\/\/www.daliparis.com\/en\/collection-en\/past-exhibitions\/\" \/>\n<meta property=\"og:site_name\" content=\"Dali Paris\" \/>\n<meta property=\"article:publisher\" content=\"https:\/\/www.facebook.com\/DaliParis.Officiel\/\" \/>\n<meta property=\"article:modified_time\" content=\"2019-11-26T14:23:30+00:00\" \/>\n<meta property=\"og:image\" content=\"https:\/\/www.daliparis.com\/wp-content\/uploads\/2019\/07\/Format-carr\u00e9-e1565037185340.jpg\" \/>\n\t<meta property=\"og:image:width\" content=\"100\" \/>\n\t<meta property=\"og:image:height\" content=\"84\" \/>\n\t<meta property=\"og:image:type\" content=\"image\/jpeg\" \/>\n<meta name=\"twitter:card\" content=\"summary_large_image\" \/>\n<meta name=\"twitter:site\" content=\"@DaliParisOffi\" \/>\n<meta name=\"twitter:label1\" content=\"Est. reading time\" \/>\n\t<meta name=\"twitter:data1\" content=\"6 minutes\" \/>\n<script type=\"application\/ld+json\" class=\"yoast-schema-graph\">{\"@context\":\"https:\\\/\\\/schema.org\",\"@graph\":[{\"@type\":\"WebPage\",\"@id\":\"https:\\\/\\\/www.daliparis.com\\\/en\\\/collection-en\\\/past-exhibitions\\\/\",\"url\":\"https:\\\/\\\/www.daliparis.com\\\/en\\\/collection-en\\\/past-exhibitions\\\/\",\"name\":\"Past Exhibitions &#8226; Dali Paris\",\"isPartOf\":{\"@id\":\"https:\\\/\\\/www.daliparis.com\\\/#website\"},\"datePublished\":\"2019-05-15T10:28:59+00:00\",\"dateModified\":\"2019-11-26T14:23:30+00:00\",\"breadcrumb\":{\"@id\":\"https:\\\/\\\/www.daliparis.com\\\/en\\\/collection-en\\\/past-exhibitions\\\/#breadcrumb\"},\"inLanguage\":\"en-US\",\"potentialAction\":[{\"@type\":\"ReadAction\",\"target\":[\"https:\\\/\\\/www.daliparis.com\\\/en\\\/collection-en\\\/past-exhibitions\\\/\"]}]},{\"@type\":\"BreadcrumbList\",\"@id\":\"https:\\\/\\\/www.daliparis.com\\\/en\\\/collection-en\\\/past-exhibitions\\\/#breadcrumb\",\"itemListElement\":[{\"@type\":\"ListItem\",\"position\":1,\"name\":\"Home\",\"item\":\"https:\\\/\\\/www.daliparis.com\\\/en\\\/\"},{\"@type\":\"ListItem\",\"position\":2,\"name\":\"Our Collection\",\"item\":\"https:\\\/\\\/www.daliparis.com\\\/en\\\/collection-en\\\/\"},{\"@type\":\"ListItem\",\"position\":3,\"name\":\"Past Exhibitions\"}]},{\"@type\":\"WebSite\",\"@id\":\"https:\\\/\\\/www.daliparis.com\\\/#website\",\"url\":\"https:\\\/\\\/www.daliparis.com\\\/\",\"name\":\"Dali Paris\",\"description\":\"Dali Paris\",\"publisher\":{\"@id\":\"https:\\\/\\\/www.daliparis.com\\\/#organization\"},\"potentialAction\":[{\"@type\":\"SearchAction\",\"target\":{\"@type\":\"EntryPoint\",\"urlTemplate\":\"https:\\\/\\\/www.daliparis.com\\\/?s={search_term_string}\"},\"query-input\":{\"@type\":\"PropertyValueSpecification\",\"valueRequired\":true,\"valueName\":\"search_term_string\"}}],\"inLanguage\":\"en-US\"},{\"@type\":\"Organization\",\"@id\":\"https:\\\/\\\/www.daliparis.com\\\/#organization\",\"name\":\"Dali Paris\",\"url\":\"https:\\\/\\\/www.daliparis.com\\\/\",\"logo\":{\"@type\":\"ImageObject\",\"inLanguage\":\"en-US\",\"@id\":\"https:\\\/\\\/www.daliparis.com\\\/#\\\/schema\\\/logo\\\/image\\\/\",\"url\":\"https:\\\/\\\/www.daliparis.com\\\/wp-content\\\/uploads\\\/2019\\\/07\\\/Format-carr\u00e9-fond-transparent.png\",\"contentUrl\":\"https:\\\/\\\/www.daliparis.com\\\/wp-content\\\/uploads\\\/2019\\\/07\\\/Format-carr\u00e9-fond-transparent.png\",\"width\":856,\"height\":720,\"caption\":\"Dali Paris\"},\"image\":{\"@id\":\"https:\\\/\\\/www.daliparis.com\\\/#\\\/schema\\\/logo\\\/image\\\/\"},\"sameAs\":[\"https:\\\/\\\/www.facebook.com\\\/DaliParis.Officiel\\\/\",\"https:\\\/\\\/x.com\\\/DaliParisOffi\",\"https:\\\/\\\/www.instagram.com\\\/dali_paris_officiel\",\"https:\\\/\\\/www.linkedin.com\\\/company\\\/5278966\\\/admin\\\/\",\"https:\\\/\\\/www.youtube.com\\\/channel\\\/UCQVkzdUYkc_0zmY-EmD6Rcg\"]}]}<\/script>\n<!-- \/ Yoast SEO plugin. -->","yoast_head_json":{"title":"Past Exhibitions &#8226; Dali Paris","robots":{"index":"index","follow":"follow","max-snippet":"max-snippet:-1","max-image-preview":"max-image-preview:large","max-video-preview":"max-video-preview:-1"},"canonical":"https:\/\/www.daliparis.com\/en\/collection-en\/past-exhibitions\/","og_locale":"en_US","og_type":"article","og_title":"Past Exhibitions &#8226; Dali Paris","og_description":"[vc_row][vc_column][vc_empty_space height=&#8221;100px&#8221;][vc_custom_heading text=&#8221;Photographs, jewels, street art, private collections, letters&#8230; Find out more about our previous temporary exhibitions. The last one, \u00ab Joann Sfar \u2013 Salvador Dal\u00ed, one second before awakening [&hellip;]","og_url":"https:\/\/www.daliparis.com\/en\/collection-en\/past-exhibitions\/","og_site_name":"Dali Paris","article_publisher":"https:\/\/www.facebook.com\/DaliParis.Officiel\/","article_modified_time":"2019-11-26T14:23:30+00:00","og_image":[{"width":100,"height":84,"url":"https:\/\/www.daliparis.com\/wp-content\/uploads\/2019\/07\/Format-carr\u00e9-e1565037185340.jpg","type":"image\/jpeg"}],"twitter_card":"summary_large_image","twitter_site":"@DaliParisOffi","twitter_misc":{"Est. reading time":"6 minutes"},"schema":{"@context":"https:\/\/schema.org","@graph":[{"@type":"WebPage","@id":"https:\/\/www.daliparis.com\/en\/collection-en\/past-exhibitions\/","url":"https:\/\/www.daliparis.com\/en\/collection-en\/past-exhibitions\/","name":"Past Exhibitions &#8226; Dali Paris","isPartOf":{"@id":"https:\/\/www.daliparis.com\/#website"},"datePublished":"2019-05-15T10:28:59+00:00","dateModified":"2019-11-26T14:23:30+00:00","breadcrumb":{"@id":"https:\/\/www.daliparis.com\/en\/collection-en\/past-exhibitions\/#breadcrumb"},"inLanguage":"en-US","potentialAction":[{"@type":"ReadAction","target":["https:\/\/www.daliparis.com\/en\/collection-en\/past-exhibitions\/"]}]},{"@type":"BreadcrumbList","@id":"https:\/\/www.daliparis.com\/en\/collection-en\/past-exhibitions\/#breadcrumb","itemListElement":[{"@type":"ListItem","position":1,"name":"Home","item":"https:\/\/www.daliparis.com\/en\/"},{"@type":"ListItem","position":2,"name":"Our Collection","item":"https:\/\/www.daliparis.com\/en\/collection-en\/"},{"@type":"ListItem","position":3,"name":"Past Exhibitions"}]},{"@type":"WebSite","@id":"https:\/\/www.daliparis.com\/#website","url":"https:\/\/www.daliparis.com\/","name":"Dali Paris","description":"Dali Paris","publisher":{"@id":"https:\/\/www.daliparis.com\/#organization"},"potentialAction":[{"@type":"SearchAction","target":{"@type":"EntryPoint","urlTemplate":"https:\/\/www.daliparis.com\/?s={search_term_string}"},"query-input":{"@type":"PropertyValueSpecification","valueRequired":true,"valueName":"search_term_string"}}],"inLanguage":"en-US"},{"@type":"Organization","@id":"https:\/\/www.daliparis.com\/#organization","name":"Dali Paris","url":"https:\/\/www.daliparis.com\/","logo":{"@type":"ImageObject","inLanguage":"en-US","@id":"https:\/\/www.daliparis.com\/#\/schema\/logo\/image\/","url":"https:\/\/www.daliparis.com\/wp-content\/uploads\/2019\/07\/Format-carr\u00e9-fond-transparent.png","contentUrl":"https:\/\/www.daliparis.com\/wp-content\/uploads\/2019\/07\/Format-carr\u00e9-fond-transparent.png","width":856,"height":720,"caption":"Dali Paris"},"image":{"@id":"https:\/\/www.daliparis.com\/#\/schema\/logo\/image\/"},"sameAs":["https:\/\/www.facebook.com\/DaliParis.Officiel\/","https:\/\/x.com\/DaliParisOffi","https:\/\/www.instagram.com\/dali_paris_officiel","https:\/\/www.linkedin.com\/company\/5278966\/admin\/","https:\/\/www.youtube.com\/channel\/UCQVkzdUYkc_0zmY-EmD6Rcg"]}]}},"_links":{"self":[{"href":"https:\/\/www.daliparis.com\/en\/wp-json\/wp\/v2\/pages\/533","targetHints":{"allow":["GET"]}}],"collection":[{"href":"https:\/\/www.daliparis.com\/en\/wp-json\/wp\/v2\/pages"}],"about":[{"href":"https:\/\/www.daliparis.com\/en\/wp-json\/wp\/v2\/types\/page"}],"author":[{"embeddable":true,"href":"https:\/\/www.daliparis.com\/en\/wp-json\/wp\/v2\/users\/1"}],"replies":[{"embeddable":true,"href":"https:\/\/www.daliparis.com\/en\/wp-json\/wp\/v2\/comments?post=533"}],"version-history":[{"count":17,"href":"https:\/\/www.daliparis.com\/en\/wp-json\/wp\/v2\/pages\/533\/revisions"}],"predecessor-version":[{"id":2805,"href":"https:\/\/www.daliparis.com\/en\/wp-json\/wp\/v2\/pages\/533\/revisions\/2805"}],"up":[{"embeddable":true,"href":"https:\/\/www.daliparis.com\/en\/wp-json\/wp\/v2\/pages\/517"}],"wp:attachment":[{"href":"https:\/\/www.daliparis.com\/en\/wp-json\/wp\/v2\/media?parent=533"}],"curies":[{"name":"wp","href":"https:\/\/api.w.org\/{rel}","templated":true}]}}